{"version":"1.0","provider_name":"S\u00fctilavina","provider_url":"https:\/\/sutilavina.cafeblog.hu","author_name":"Pumpedli","author_url":"https:\/\/sutilavina.cafeblog.hu\/author\/pumpedli\/","title":"Hello Vil\u00e1g!","html":"<p style=\"text-align: right\"><strong><em>\"B\u00e1rmihez, amit megtehetsz vagy meg\u00e1lmodsz... fogj hozz\u00e1!\u00a0<\/em><\/strong><\/p>\r\n<p style=\"text-align: right\"><strong><em>A mer\u00e9szs\u00e9gben zsenialit\u00e1s, er\u0151 \u00e9s var\u00e1zslat rejlik.\"<\/em><\/strong><\/p>\r\n<p style=\"text-align: right\"><em>(Goethe)<\/em><\/p>\r\n&nbsp;\r\n\r\n&nbsp;\r\n\r\n<strong>Szeretettel k\u00f6sz\u00f6ntelek a honlapomon!<\/strong>\r\n\r\nEz az oldal az\u00e9rt j\u00f6tt l\u00e9tre, hogy megosszam a s\u00fct\u00f6get\u00e9ssel kapcsolatos \u00e9lm\u00e9nyeimet, receptjeimet \u00e9s tr\u00fckkjeimet. Kiz\u00e1r\u00f3lag olyan recepteket teszek k\u00f6zz\u00e9, amiket m\u00e1r kipr\u00f3b\u00e1ltam, az oldalra felt\u00f6lt\u00f6tt k\u00e9pek mind saj\u00e1t munk\u00e1im.\r\n\r\nAz <a href=\"https:\/\/sutilavina.cafeblog.hu\/otlet-tar\/\"><strong>\u00d6tlet-t\u00e1r<\/strong><\/a> men\u00fcpontban tal\u00e1lj\u00e1tok az \u00e1ltalam k\u00e9sz\u00edtett s\u00fctiket, tort\u00e1kat. Ez egy k\u00e9pgal\u00e9ria, aminek a seg\u00edts\u00e9g\u00e9vel \u00f6tleteket gy\u0171jt\u00f6gethettek mind az \u00edz, mind pedig a diz\u00e1jn tekintet\u00e9ben.\r\n\r\nA felt\u00f6lt\u00f6tt k\u00e9pekhez r\u00e9szben kapcsol\u00f3dik a <strong><a href=\"https:\/\/sutilavina.cafeblog.hu\/receptek\/\">Receptek<\/a><\/strong> men\u00fcpont. Az itt szerepl\u0151 list\u00e1b\u00f3l kiv\u00e1lasztva elolvashatj\u00e1tok a s\u00fctik elk\u00e9sz\u00edt\u00e9s\u00e9nek menet\u00e9t, helyenk\u00e9nt egy-egy sztorival kieg\u00e9sz\u00edtve. B\u00edzom benne, hogy hasznos inform\u00e1ci\u00f3kat tudok megosztani a saj\u00e1t tapasztalataim alapj\u00e1n.\r\n\r\nAz oldalt igyekszem folyamatosan friss\u00edteni. Az \u00fajdons\u00e1gokat a megfelel\u0151 men\u00fcpontok alatt tal\u00e1lod... :)\r\n\r\nSzeretettel v\u00e1rom a Te \u00f6tleteidet is, illetve <strong><a title=\"komment\" href=\"https:\/\/sutilavina.cafeblog.hu\/2013\/12\/24\/hello-vilag-2\/#form\">hozz\u00e1sz\u00f3lhatsz <\/a><\/strong>egy-egy bejegyz\u00e9semhez. B\u00e1rmilyen k\u00e9rd\u00e9sedre sz\u00edvesen v\u00e1laszolok,<strong><a title=\"\u00fczenj a bloggernek\" href=\"http:\/\/cafeblog.hu\/author\/pumpedli\/\"> \u00edrj<\/a><\/strong> b\u00e1tran! V\u00e1rom a visszajelz\u00e9seiteket \u00e9s a k\u00e9pes \u00e9lm\u00e9nybesz\u00e1mol\u00f3itokat :) Kellemes n\u00e9zel\u0151d\u00e9st \u00e9s sikeres s\u00fct\u00f6get\u00e9st k\u00edv\u00e1nok!\r\n\r\n\u00dcdv, Pumpedli","type":"rich"}